{"id":530,"date":"2019-04-16T23:29:47","date_gmt":"2019-04-16T23:29:47","guid":{"rendered":"https:\/\/consulado-paraguay.ch\/schweiz\/"},"modified":"2025-11-13T13:03:58","modified_gmt":"2025-11-13T13:03:58","slug":"suiza","status":"publish","type":"page","link":"https:\/\/consulado-paraguay.ch\/es\/suiza\/","title":{"rendered":"Suiza"},"content":{"rendered":"\t\t<div data-elementor-type=\"wp-post\" data-elementor-id=\"530\" class=\"elementor elementor-530 elementor-51\" data-elementor-post-type=\"page\">\n\t\t\t\t\t\t<section class=\"elementor-section elementor-top-section elementor-element elementor-element-6c2a728a elementor-section-height-min-height elementor-section-boxed elementor-section-height-default elementor-section-items-middle\" data-id=\"6c2a728a\" data-element_type=\"section\" data-e-type=\"section\" data-settings=\"{&quot;background_background&quot;:&quot;classic&quot;}\">\n\t\t\t\t\t\t<div class=\"elementor-container elementor-column-gap-default\">\n\t\t\t\t\t<div class=\"elementor-column elementor-col-100 elementor-top-column elementor-element elementor-element-5f16ee82\" data-id=\"5f16ee82\" data-element_type=\"column\" data-e-type=\"column\">\n\t\t\t<div class=\"elementor-widget-wrap elementor-element-populated\">\n\t\t\t\t\t\t<section class=\"elementor-section elementor-inner-section elementor-element elementor-element-68cb5dd0 elementor-section-boxed elementor-section-height-default elementor-section-height-default\" data-id=\"68cb5dd0\" data-element_type=\"section\" data-e-type=\"section\" data-settings=\"{&quot;background_background&quot;:&quot;classic&quot;}\">\n\t\t\t\t\t\t<div class=\"elementor-container elementor-column-gap-default\">\n\t\t\t\t\t<div class=\"elementor-column elementor-col-100 elementor-inner-column elementor-element elementor-element-74cf96b2\" data-id=\"74cf96b2\" data-element_type=\"column\" data-e-type=\"column\">\n\t\t\t<div class=\"elementor-widget-wrap elementor-element-populated\">\n\t\t\t\t\t\t<div class=\"elementor-element elementor-element-7177751a elementor-widget elementor-widget-spacer\" data-id=\"7177751a\" data-element_type=\"widget\" data-e-type=\"widget\" data-widget_type=\"spacer.default\">\n\t\t\t\t<div class=\"elementor-widget-container\">\n\t\t\t\t\t\t\t<div class=\"elementor-spacer\">\n\t\t\t<div class=\"elementor-spacer-inner\"><\/div>\n\t\t<\/div>\n\t\t\t\t\t\t<\/div>\n\t\t\t\t<\/div>\n\t\t\t\t\t<\/div>\n\t\t<\/div>\n\t\t\t\t\t<\/div>\n\t\t<\/section>\n\t\t\t\t<section class=\"elementor-section elementor-inner-section elementor-element elementor-element-20061ceb elementor-reverse-mobile elementor-section-boxed elementor-section-height-default elementor-section-height-default\" data-id=\"20061ceb\" data-element_type=\"section\" data-e-type=\"section\" data-settings=\"{&quot;background_background&quot;:&quot;classic&quot;}\">\n\t\t\t\t\t\t<div class=\"elementor-container elementor-column-gap-default\">\n\t\t\t\t\t<div class=\"elementor-column elementor-col-100 elementor-inner-column elementor-element elementor-element-6dee81d8\" data-id=\"6dee81d8\" data-element_type=\"column\" data-e-type=\"column\" data-settings=\"{&quot;background_background&quot;:&quot;classic&quot;}\">\n\t\t\t<div class=\"elementor-widget-wrap elementor-element-populated\">\n\t\t\t\t\t\t<div class=\"elementor-element elementor-element-6c8f61ea elementor-widget elementor-widget-heading\" data-id=\"6c8f61ea\" data-element_type=\"widget\" data-e-type=\"widget\" data-widget_type=\"heading.default\">\n\t\t\t\t<div class=\"elementor-widget-container\">\n\t\t\t\t\t<h1 class=\"elementor-heading-title elementor-size-default\">Consulado Honorario de la  Rep\u00fablica del Paraguay en Suiza<\/h1>\t\t\t\t<\/div>\n\t\t\t\t<\/div>\n\t\t\t\t<div class=\"elementor-element elementor-element-3a90d03f elementor-widget-divider--view-line elementor-widget elementor-widget-divider\" data-id=\"3a90d03f\" data-element_type=\"widget\" data-e-type=\"widget\" data-widget_type=\"divider.default\">\n\t\t\t\t<div class=\"elementor-widget-container\">\n\t\t\t\t\t\t\t<div class=\"elementor-divider\">\n\t\t\t<span class=\"elementor-divider-separator\">\n\t\t\t\t\t\t<\/span>\n\t\t<\/div>\n\t\t\t\t\t\t<\/div>\n\t\t\t\t<\/div>\n\t\t\t\t<div class=\"elementor-element elementor-element-40ca13e elementor-widget elementor-widget-heading\" data-id=\"40ca13e\" data-element_type=\"widget\" data-e-type=\"widget\" data-widget_type=\"heading.default\">\n\t\t\t\t<div class=\"elementor-widget-container\">\n\t\t\t\t\t<h2 class=\"elementor-heading-title elementor-size-default\">Suiza<\/h2>\t\t\t\t<\/div>\n\t\t\t\t<\/div>\n\t\t\t\t<div class=\"elementor-element elementor-element-16f787ba elementor-widget elementor-widget-text-editor\" data-id=\"16f787ba\" data-element_type=\"widget\" data-e-type=\"widget\" data-widget_type=\"text-editor.default\">\n\t\t\t\t<div class=\"elementor-widget-container\">\n\t\t\t\t\t\t\t\t\t<p>Suiza es un pa\u00eds situado en el centro del continente europeo. Su bienestar se basa baseado en un sistema pol\u00edtico extraordinamente estable y \u00fanico, una industria de alta tecnolog\u00eda y un moderno sector de servicios. La poblaci\u00f3n suiza no siempre vivi\u00f3 en bienestar y seguridad. Hasta principios del siglo XX Suiza era un pa\u00eds de emigraci\u00f3n cuyos ciudadanos muchas veces buscaban su fortuna en Am\u00e9rica del Sur.<\/p><p>El puerto de Buenos Aires en Argentina fue para muchos suizos el primer puerto de llegada al Nuevo Mundo. A una peque\u00f1a parte de ellos el destino los llev\u00f3 al Paraguay.<br \/>Y es as\u00ed que hoy en d\u00eda viven m\u00e1s de dos mil ciudadanos suizos en la Rep\u00fablica del Paraguay y cultivan tradiciones y sociabilidad en las asociaciones de ese pa\u00eds.<\/p>\t\t\t\t\t\t\t\t<\/div>\n\t\t\t\t<\/div>\n\t\t\t\t\t<\/div>\n\t\t<\/div>\n\t\t\t\t\t<\/div>\n\t\t<\/section>\n\t\t\t\t<section class=\"elementor-section elementor-inner-section elementor-element elementor-element-f2321cc elementor-hidden-desktop elementor-hidden-phone elementor-section-boxed elementor-section-height-default elementor-section-height-default\" data-id=\"f2321cc\" data-element_type=\"section\" data-e-type=\"section\" data-settings=\"{&quot;background_background&quot;:&quot;classic&quot;}\">\n\t\t\t\t\t\t<div class=\"elementor-container elementor-column-gap-default\">\n\t\t\t\t\t<div class=\"elementor-column elementor-col-33 elementor-inner-column elementor-element elementor-element-72dd1d26\" data-id=\"72dd1d26\" data-element_type=\"column\" data-e-type=\"column\">\n\t\t\t<div class=\"elementor-widget-wrap elementor-element-populated\">\n\t\t\t\t\t\t<div class=\"elementor-element elementor-element-2644c78f elementor-widget elementor-widget-heading\" data-id=\"2644c78f\" data-element_type=\"widget\" data-e-type=\"widget\" data-widget_type=\"heading.default\">\n\t\t\t\t<div class=\"elementor-widget-container\">\n\t\t\t\t\t<span class=\"elementor-heading-title elementor-size-default\">8.4 Mio.<\/span>\t\t\t\t<\/div>\n\t\t\t\t<\/div>\n\t\t\t\t<div class=\"elementor-element elementor-element-5425894 elementor-widget elementor-widget-heading\" data-id=\"5425894\" data-element_type=\"widget\" data-e-type=\"widget\" data-widget_type=\"heading.default\">\n\t\t\t\t<div class=\"elementor-widget-container\">\n\t\t\t\t\t<span class=\"elementor-heading-title elementor-size-default\">habitantes<\/span>\t\t\t\t<\/div>\n\t\t\t\t<\/div>\n\t\t\t\t\t<\/div>\n\t\t<\/div>\n\t\t\t\t<div class=\"elementor-column elementor-col-33 elementor-inner-column elementor-element elementor-element-2c4a5c32\" data-id=\"2c4a5c32\" data-element_type=\"column\" data-e-type=\"column\">\n\t\t\t<div class=\"elementor-widget-wrap elementor-element-populated\">\n\t\t\t\t\t\t<div class=\"elementor-element elementor-element-740730c4 elementor-widget elementor-widget-heading\" data-id=\"740730c4\" data-element_type=\"widget\" data-e-type=\"widget\" data-widget_type=\"heading.default\">\n\t\t\t\t<div class=\"elementor-widget-container\">\n\t\t\t\t\t<span class=\"elementor-heading-title elementor-size-default\">41'000<\/span>\t\t\t\t<\/div>\n\t\t\t\t<\/div>\n\t\t\t\t<div class=\"elementor-element elementor-element-55142f68 elementor-widget elementor-widget-heading\" data-id=\"55142f68\" data-element_type=\"widget\" data-e-type=\"widget\" data-widget_type=\"heading.default\">\n\t\t\t\t<div class=\"elementor-widget-container\">\n\t\t\t\t\t<span class=\"elementor-heading-title elementor-size-default\">km2 \u00e1rea habitada<\/span>\t\t\t\t<\/div>\n\t\t\t\t<\/div>\n\t\t\t\t\t<\/div>\n\t\t<\/div>\n\t\t\t\t<div class=\"elementor-column elementor-col-33 elementor-inner-column elementor-element elementor-element-55fc2a40\" data-id=\"55fc2a40\" data-element_type=\"column\" data-e-type=\"column\">\n\t\t\t<div class=\"elementor-widget-wrap elementor-element-populated\">\n\t\t\t\t\t\t<div class=\"elementor-element elementor-element-1de2b7e4 elementor-widget elementor-widget-heading\" data-id=\"1de2b7e4\" data-element_type=\"widget\" data-e-type=\"widget\" data-widget_type=\"heading.default\">\n\t\t\t\t<div class=\"elementor-widget-container\">\n\t\t\t\t\t<span class=\"elementor-heading-title elementor-size-default\">4<\/span>\t\t\t\t<\/div>\n\t\t\t\t<\/div>\n\t\t\t\t<div class=\"elementor-element elementor-element-6203e88 elementor-widget elementor-widget-heading\" data-id=\"6203e88\" data-element_type=\"widget\" data-e-type=\"widget\" data-widget_type=\"heading.default\">\n\t\t\t\t<div class=\"elementor-widget-container\">\n\t\t\t\t\t<span class=\"elementor-heading-title elementor-size-default\">idiomas oficiales<\/span>\t\t\t\t<\/div>\n\t\t\t\t<\/div>\n\t\t\t\t\t<\/div>\n\t\t<\/div>\n\t\t\t\t\t<\/div>\n\t\t<\/section>\n\t\t\t\t<section class=\"elementor-section elementor-inner-section elementor-element elementor-element-6db3aa6 elementor-hidden-tablet elementor-section-boxed elementor-section-height-default elementor-section-height-default\" data-id=\"6db3aa6\" data-element_type=\"section\" data-e-type=\"section\" data-settings=\"{&quot;background_background&quot;:&quot;classic&quot;}\">\n\t\t\t\t\t\t<div class=\"elementor-container elementor-column-gap-default\">\n\t\t\t\t\t<div class=\"elementor-column elementor-col-33 elementor-inner-column elementor-element elementor-element-1983f6a\" data-id=\"1983f6a\" data-element_type=\"column\" data-e-type=\"column\">\n\t\t\t<div class=\"elementor-widget-wrap elementor-element-populated\">\n\t\t\t\t\t\t<div class=\"elementor-element elementor-element-7e68021 elementor-invisible elementor-widget elementor-widget-counter\" data-id=\"7e68021\" data-element_type=\"widget\" data-e-type=\"widget\" data-settings=\"{&quot;_animation&quot;:&quot;fadeInRight&quot;,&quot;_animation_mobile&quot;:&quot;none&quot;}\" data-widget_type=\"counter.default\">\n\t\t\t\t<div class=\"elementor-widget-container\">\n\t\t\t\t\t\t\t<div class=\"elementor-counter\">\n\t\t\t<div class=\"elementor-counter-title\">Habitantes<\/div>\t\t\t<div class=\"elementor-counter-number-wrapper\">\n\t\t\t\t<span class=\"elementor-counter-number-prefix\"><\/span>\n\t\t\t\t<span class=\"elementor-counter-number\" data-duration=\"2000\" data-to-value=\"8.4\" data-from-value=\"0\" data-delimiter=\",\">0<\/span>\n\t\t\t\t<span class=\"elementor-counter-number-suffix\"> Mio.<\/span>\n\t\t\t<\/div>\n\t\t<\/div>\n\t\t\t\t\t\t<\/div>\n\t\t\t\t<\/div>\n\t\t\t\t\t<\/div>\n\t\t<\/div>\n\t\t\t\t<div class=\"elementor-column elementor-col-33 elementor-inner-column elementor-element elementor-element-9cefb9f\" data-id=\"9cefb9f\" data-element_type=\"column\" data-e-type=\"column\">\n\t\t\t<div class=\"elementor-widget-wrap elementor-element-populated\">\n\t\t\t\t\t\t<div class=\"elementor-element elementor-element-c701064 elementor-invisible elementor-widget elementor-widget-counter\" data-id=\"c701064\" data-element_type=\"widget\" data-e-type=\"widget\" data-settings=\"{&quot;_animation&quot;:&quot;fadeInRight&quot;,&quot;_animation_mobile&quot;:&quot;none&quot;}\" data-widget_type=\"counter.default\">\n\t\t\t\t<div class=\"elementor-widget-container\">\n\t\t\t\t\t\t\t<div class=\"elementor-counter\">\n\t\t\t<div class=\"elementor-counter-title\">km2 \u00e1rea habitada<\/div>\t\t\t<div class=\"elementor-counter-number-wrapper\">\n\t\t\t\t<span class=\"elementor-counter-number-prefix\"><\/span>\n\t\t\t\t<span class=\"elementor-counter-number\" data-duration=\"2500\" data-to-value=\"41\" data-from-value=\"8\" data-delimiter=\",\">8<\/span>\n\t\t\t\t<span class=\"elementor-counter-number-suffix\">'000<\/span>\n\t\t\t<\/div>\n\t\t<\/div>\n\t\t\t\t\t\t<\/div>\n\t\t\t\t<\/div>\n\t\t\t\t\t<\/div>\n\t\t<\/div>\n\t\t\t\t<div class=\"elementor-column elementor-col-33 elementor-inner-column elementor-element elementor-element-40f65e3\" data-id=\"40f65e3\" data-element_type=\"column\" data-e-type=\"column\">\n\t\t\t<div class=\"elementor-widget-wrap elementor-element-populated\">\n\t\t\t\t\t\t<div class=\"elementor-element elementor-element-3e32f57 elementor-invisible elementor-widget elementor-widget-counter\" data-id=\"3e32f57\" data-element_type=\"widget\" data-e-type=\"widget\" data-settings=\"{&quot;_animation&quot;:&quot;fadeInRight&quot;,&quot;_animation_mobile&quot;:&quot;none&quot;}\" data-widget_type=\"counter.default\">\n\t\t\t\t<div class=\"elementor-widget-container\">\n\t\t\t\t\t\t\t<div class=\"elementor-counter\">\n\t\t\t<div class=\"elementor-counter-title\">Idiomas oficiales<\/div>\t\t\t<div class=\"elementor-counter-number-wrapper\">\n\t\t\t\t<span class=\"elementor-counter-number-prefix\"><\/span>\n\t\t\t\t<span class=\"elementor-counter-number\" data-duration=\"1200\" data-to-value=\"4\" data-from-value=\"0\" data-delimiter=\",\">0<\/span>\n\t\t\t\t<span class=\"elementor-counter-number-suffix\"><\/span>\n\t\t\t<\/div>\n\t\t<\/div>\n\t\t\t\t\t\t<\/div>\n\t\t\t\t<\/div>\n\t\t\t\t\t<\/div>\n\t\t<\/div>\n\t\t\t\t\t<\/div>\n\t\t<\/section>\n\t\t\t\t<section class=\"elementor-section elementor-inner-section elementor-element elementor-element-9b29b13 elementor-reverse-mobile elementor-section-boxed elementor-section-height-default elementor-section-height-default\" data-id=\"9b29b13\" data-element_type=\"section\" data-e-type=\"section\" data-settings=\"{&quot;background_background&quot;:&quot;classic&quot;}\">\n\t\t\t\t\t\t<div class=\"elementor-container elementor-column-gap-default\">\n\t\t\t\t\t<div class=\"elementor-column elementor-col-100 elementor-inner-column elementor-element elementor-element-66d9107\" data-id=\"66d9107\" data-element_type=\"column\" data-e-type=\"column\" data-settings=\"{&quot;background_background&quot;:&quot;classic&quot;}\">\n\t\t\t<div class=\"elementor-widget-wrap elementor-element-populated\">\n\t\t\t\t\t\t<div class=\"elementor-element elementor-element-a99158a elementor-widget elementor-widget-text-editor\" data-id=\"a99158a\" data-element_type=\"widget\" data-e-type=\"widget\" data-widget_type=\"text-editor.default\">\n\t\t\t\t<div class=\"elementor-widget-container\">\n\t\t\t\t\t\t\t\t\tTambi\u00e9n se encuentran rastros suizos en la pol\u00edtica paraguaya, como por ejemplo Eduard Schaerer, de Aargau, y Jos\u00e9 Patricio Guggiari, de Ticino, dos presidentes nacidos en Suiza. Una fama especial alcanz\u00f3 el ticin\u00e9s, quien respetuosamente era llamado \u00ab\u00a0el sabio Bertoni\u00a0\u00bb en Paraguay, Mos\u00e9 Giacomo Bertoni. Bertoni fue un naturalista y pionero que fund\u00f3, entre otros, la colonia Guillermotell, que hoy lleva en su honor el nombre de Puerto Bertoni.\nAdem\u00e1s de estas personalidades suizas, miles de suizos han buscado su fortuna en Paraguay y han tra\u00eddo un poco de Suiza a su pa\u00eds latinoamericano.\t\t\t\t\t\t\t\t<\/div>\n\t\t\t\t<\/div>\n\t\t\t\t\t<\/div>\n\t\t<\/div>\n\t\t\t\t\t<\/div>\n\t\t<\/section>\n\t\t\t\t<section class=\"elementor-section elementor-inner-section elementor-element elementor-element-3461fe67 elementor-section-boxed elementor-section-height-default elementor-section-height-default\" data-id=\"3461fe67\" data-element_type=\"section\" data-e-type=\"section\" data-settings=\"{&quot;background_background&quot;:&quot;classic&quot;}\">\n\t\t\t\t\t\t<div class=\"elementor-container elementor-column-gap-default\">\n\t\t\t\t\t<div class=\"elementor-column elementor-col-33 elementor-inner-column elementor-element elementor-element-3bc1aad9\" data-id=\"3bc1aad9\" data-element_type=\"column\" data-e-type=\"column\">\n\t\t\t<div class=\"elementor-widget-wrap elementor-element-populated\">\n\t\t\t\t\t\t<div class=\"elementor-element elementor-element-7838f78 elementor-position-top elementor-widget elementor-widget-image-box\" data-id=\"7838f78\" data-element_type=\"widget\" data-e-type=\"widget\" data-widget_type=\"image-box.default\">\n\t\t\t\t<div class=\"elementor-widget-container\">\n\t\t\t\t\t<div class=\"elementor-image-box-wrapper\"><figure class=\"elementor-image-box-img\"><a href=\"https:\/\/de.wikipedia.org\/wiki\/Eduardo_Schaerer\" tabindex=\"-1\"><img fetchpriority=\"high\" decoding=\"async\" width=\"236\" height=\"236\" src=\"https:\/\/consulado-paraguay.ch\/wp-content\/uploads\/2019\/04\/eduard-schaerer-0.jpg\" class=\"attachment-full size-full wp-image-443\" alt=\"\" srcset=\"https:\/\/consulado-paraguay.ch\/wp-content\/uploads\/2019\/04\/eduard-schaerer-0.jpg 236w, https:\/\/consulado-paraguay.ch\/wp-content\/uploads\/2019\/04\/eduard-schaerer-0-150x150.jpg 150w\" sizes=\"(max-width: 236px) 100vw, 236px\" \/><\/a><\/figure><div class=\"elementor-image-box-content\"><h2 class=\"elementor-image-box-title\"><a href=\"https:\/\/de.wikipedia.org\/wiki\/Eduardo_Schaerer\">Eduard Schaerer<\/a><\/h2><p class=\"elementor-image-box-description\">Empresario paraguayo, editor y pol\u00edtico liberal. Fue presidente del Paraguay del 15 de agosto de 1912 al 15 de agosto de 1916.\n<\/p><\/div><\/div>\t\t\t\t<\/div>\n\t\t\t\t<\/div>\n\t\t\t\t\t<\/div>\n\t\t<\/div>\n\t\t\t\t<div class=\"elementor-column elementor-col-33 elementor-inner-column elementor-element elementor-element-2c15ad5\" data-id=\"2c15ad5\" data-element_type=\"column\" data-e-type=\"column\">\n\t\t\t<div class=\"elementor-widget-wrap elementor-element-populated\">\n\t\t\t\t\t\t<div class=\"elementor-element elementor-element-66ab60b elementor-position-top elementor-widget elementor-widget-image-box\" data-id=\"66ab60b\" data-element_type=\"widget\" data-e-type=\"widget\" data-widget_type=\"image-box.default\">\n\t\t\t\t<div class=\"elementor-widget-container\">\n\t\t\t\t\t<div class=\"elementor-image-box-wrapper\"><figure class=\"elementor-image-box-img\"><a href=\"https:\/\/de.wikipedia.org\/wiki\/Jos%C3%A9_Patricio_Guggiari\" tabindex=\"-1\"><img decoding=\"async\" width=\"236\" height=\"236\" src=\"https:\/\/consulado-paraguay.ch\/wp-content\/uploads\/2019\/04\/jose_patricio_guggiari_0.jpg\" class=\"attachment-full size-full wp-image-444\" alt=\"\" srcset=\"https:\/\/consulado-paraguay.ch\/wp-content\/uploads\/2019\/04\/jose_patricio_guggiari_0.jpg 236w, https:\/\/consulado-paraguay.ch\/wp-content\/uploads\/2019\/04\/jose_patricio_guggiari_0-150x150.jpg 150w\" sizes=\"(max-width: 236px) 100vw, 236px\" \/><\/a><\/figure><div class=\"elementor-image-box-content\"><h2 class=\"elementor-image-box-title\"><a href=\"https:\/\/de.wikipedia.org\/wiki\/Jos%C3%A9_Patricio_Guggiari\">Jos\u00e9 Guggiari<\/a><\/h2><p class=\"elementor-image-box-description\">Pol\u00edtico y presidente paraguayo (1928-1932). Sus padres vinieron de la parte italiana de Suiza.\n<\/p><\/div><\/div>\t\t\t\t<\/div>\n\t\t\t\t<\/div>\n\t\t\t\t\t<\/div>\n\t\t<\/div>\n\t\t\t\t<div class=\"elementor-column elementor-col-33 elementor-inner-column elementor-element elementor-element-37e5b33\" data-id=\"37e5b33\" data-element_type=\"column\" data-e-type=\"column\">\n\t\t\t<div class=\"elementor-widget-wrap elementor-element-populated\">\n\t\t\t\t\t\t<div class=\"elementor-element elementor-element-9001a66 elementor-position-top elementor-widget elementor-widget-image-box\" data-id=\"9001a66\" data-element_type=\"widget\" data-e-type=\"widget\" data-widget_type=\"image-box.default\">\n\t\t\t\t<div class=\"elementor-widget-container\">\n\t\t\t\t\t<div class=\"elementor-image-box-wrapper\"><figure class=\"elementor-image-box-img\"><a href=\"https:\/\/en.wikipedia.org\/wiki\/Mois%C3%A9s_Santiago_Bertoni\" tabindex=\"-1\"><img decoding=\"async\" width=\"236\" height=\"236\" src=\"https:\/\/consulado-paraguay.ch\/wp-content\/uploads\/2019\/04\/moises-santiago-bertoni.jpg\" class=\"attachment-full size-full wp-image-445\" alt=\"\" srcset=\"https:\/\/consulado-paraguay.ch\/wp-content\/uploads\/2019\/04\/moises-santiago-bertoni.jpg 236w, https:\/\/consulado-paraguay.ch\/wp-content\/uploads\/2019\/04\/moises-santiago-bertoni-150x150.jpg 150w\" sizes=\"(max-width: 236px) 100vw, 236px\" \/><\/a><\/figure><div class=\"elementor-image-box-content\"><h2 class=\"elementor-image-box-title\"><a href=\"https:\/\/en.wikipedia.org\/wiki\/Mois%C3%A9s_Santiago_Bertoni\">Mos\u00e8 Bertoni<\/a><\/h2><p class=\"elementor-image-box-description\">Naturalista suizo de habla italiana. Emigr\u00f3 a Am\u00e9rica del Sur en 1884 y vivi\u00f3 en Paraguay desde 1887 hasta 1929.\n<\/p><\/div><\/div>\t\t\t\t<\/div>\n\t\t\t\t<\/div>\n\t\t\t\t\t<\/div>\n\t\t<\/div>\n\t\t\t\t\t<\/div>\n\t\t<\/section>\n\t\t\t\t<section class=\"elementor-section elementor-inner-section elementor-element elementor-element-63c26558 elementor-section-boxed elementor-section-height-default elementor-section-height-default\" data-id=\"63c26558\" data-element_type=\"section\" data-e-type=\"section\" data-settings=\"{&quot;background_background&quot;:&quot;classic&quot;}\">\n\t\t\t\t\t\t<div class=\"elementor-container elementor-column-gap-default\">\n\t\t\t\t\t<div class=\"elementor-column elementor-col-100 elementor-inner-column elementor-element elementor-element-68a388e6\" data-id=\"68a388e6\" data-element_type=\"column\" data-e-type=\"column\" data-settings=\"{&quot;background_background&quot;:&quot;classic&quot;}\">\n\t\t\t<div class=\"elementor-widget-wrap elementor-element-populated\">\n\t\t\t\t\t\t<div class=\"elementor-element elementor-element-723eef73 elementor-widget elementor-widget-spacer\" data-id=\"723eef73\" data-element_type=\"widget\" data-e-type=\"widget\" data-widget_type=\"spacer.default\">\n\t\t\t\t<div class=\"elementor-widget-container\">\n\t\t\t\t\t\t\t<div class=\"elementor-spacer\">\n\t\t\t<div class=\"elementor-spacer-inner\"><\/div>\n\t\t<\/div>\n\t\t\t\t\t\t<\/div>\n\t\t\t\t<\/div>\n\t\t\t\t\t<\/div>\n\t\t<\/div>\n\t\t\t\t<div class=\"elementor-column elementor-col-100 elementor-inner-column elementor-element elementor-element-5532ead0\" data-id=\"5532ead0\" data-element_type=\"column\" data-e-type=\"column\" data-settings=\"{&quot;background_background&quot;:&quot;classic&quot;}\">\n\t\t\t<div class=\"elementor-widget-wrap elementor-element-populated\">\n\t\t\t\t\t\t<div class=\"elementor-element elementor-element-29319519 elementor-widget elementor-widget-heading\" data-id=\"29319519\" data-element_type=\"widget\" data-e-type=\"widget\" data-widget_type=\"heading.default\">\n\t\t\t\t<div class=\"elementor-widget-container\">\n\t\t\t\t\t<h2 class=\"elementor-heading-title elementor-size-default\">Turismo<\/h2>\t\t\t\t<\/div>\n\t\t\t\t<\/div>\n\t\t\t\t<div class=\"elementor-element elementor-element-5b0a4d43 elementor-widget elementor-widget-text-editor\" data-id=\"5b0a4d43\" data-element_type=\"widget\" data-e-type=\"widget\" data-widget_type=\"text-editor.default\">\n\t\t\t\t<div class=\"elementor-widget-container\">\n\t\t\t\t\t\t\t\t\t<p>Desde hace apenas unas d\u00e9cadas Suiza tambi\u00e9n es un destino de emigraci\u00f3n para algunos paraguayos.<br \/>La atractividad tur\u00edstica de Suiza atrae frequentemente a ciudadanos paraguayos a la rep\u00fablica alpina, ya que Suiza es una parada obligatoria para viajes a Europa desde el extranjero. Ciudades como Z\u00farich con su centro econ\u00f3mico, la capital cultural de Basilea, el coraz\u00f3n alpino de Lucerna, la cosmopolita ciudad de Ginebra y la encantadora capital federal de Berna atraen a turistas sudamericanos, entre los que se encuentran cada vez m\u00e0s ciudadanos paraguayos.<\/p>\t\t\t\t\t\t\t\t<\/div>\n\t\t\t\t<\/div>\n\t\t\t\t\t<\/div>\n\t\t<\/div>\n\t\t\t\t\t<\/div>\n\t\t<\/section>\n\t\t\t\t<section class=\"elementor-section elementor-inner-section elementor-element elementor-element-f6b8f87 elementor-reverse-mobile elementor-section-boxed elementor-section-height-default elementor-section-height-default\" data-id=\"f6b8f87\" data-element_type=\"section\" data-e-type=\"section\" data-settings=\"{&quot;background_background&quot;:&quot;classic&quot;}\">\n\t\t\t\t\t\t<div class=\"elementor-container elementor-column-gap-default\">\n\t\t\t\t\t<div class=\"elementor-column elementor-col-100 elementor-inner-column elementor-element elementor-element-3edf1cc\" data-id=\"3edf1cc\" data-element_type=\"column\" data-e-type=\"column\" data-settings=\"{&quot;background_background&quot;:&quot;classic&quot;}\">\n\t\t\t<div class=\"elementor-widget-wrap elementor-element-populated\">\n\t\t\t\t\t\t<div class=\"elementor-element elementor-element-8ee3994 elementor-widget elementor-widget-heading\" data-id=\"8ee3994\" data-element_type=\"widget\" data-e-type=\"widget\" data-widget_type=\"heading.default\">\n\t\t\t\t<div class=\"elementor-widget-container\">\n\t\t\t\t\t<h2 class=\"elementor-heading-title elementor-size-default\">Relaciones entre Suiza y el Paraguay<\/h2>\t\t\t\t<\/div>\n\t\t\t\t<\/div>\n\t\t\t\t<div class=\"elementor-element elementor-element-7de111c elementor-widget elementor-widget-image\" data-id=\"7de111c\" data-element_type=\"widget\" data-e-type=\"widget\" data-widget_type=\"image.default\">\n\t\t\t\t<div class=\"elementor-widget-container\">\n\t\t\t\t\t\t\t\t\t\t\t\t\t\t\t<img loading=\"lazy\" decoding=\"async\" width=\"125\" height=\"44\" src=\"https:\/\/consulado-paraguay.ch\/wp-content\/uploads\/2019\/04\/schweiz-paraguay-flaggen.gif\" class=\"attachment-thumbnail size-thumbnail wp-image-447\" alt=\"\" \/>\t\t\t\t\t\t\t\t\t\t\t\t\t\t\t<\/div>\n\t\t\t\t<\/div>\n\t\t\t\t<div class=\"elementor-element elementor-element-82a8049 elementor-widget elementor-widget-text-editor\" data-id=\"82a8049\" data-element_type=\"widget\" data-e-type=\"widget\" data-widget_type=\"text-editor.default\">\n\t\t\t\t<div class=\"elementor-widget-container\">\n\t\t\t\t\t\t\t\t\t<p>Seg\u00fan el Departamento Federal de Asuntos Exteriores (DFA) son buenas las relaciones entre Suiza y Paraguay, aunque sean de actualmente baja intensidad. Esta declaraci\u00f3n tendr\u00eda que ser probablemente relativizada despu\u00e9s de 2018, ya que no solo dos ministros paraguayos, Fernando Griffith (cultura) y Marcela Bacigalupo (turismo) visitaron Suiza, sino que tambi\u00e9n el Consejero Federal Johann Schneider-Ammann del Departamento de Econom\u00eda, Educaci\u00f3n e Investigaci\u00f3n de Suiza viaj\u00f3 a Asunci\u00f3n.<\/p><p>Tambi\u00e9n visit\u00f3 Suiza en 2019 el reci\u00e9n elegido Presidente de Paraguay, Mario Abdo Ben\u00edtez, con ocasi\u00f3n de su participaci\u00f3n en el Foro Econ\u00f3mico Mundial (FEM) en Davos. En 2019 tambi\u00e9n se realiz\u00f3 una visita de la Delegaci\u00f3n de Ticino en Paraguay para celebrar en honor de Mos\u00e8 Bertoni. Los esfuerzos para fortalecer las relaciones pol\u00edticas, culturales y econ\u00f3micas entre los dos pa\u00edses incluyen tambi\u00e9n el nombramiento del abogado Daniel Ord\u00e1s como C\u00f3nsul Honorario, que sin duda destaca la voluntad de Paraguay de intensificar su asociaci\u00f3n con la Confederaci\u00f3n Suiza.<\/p><p>A nivel econ\u00f3mico el intercambio es actualmente relativamente bajo, pero su tendencia est\u00e1 aumentando. Las exportaciones de Suiza al Paraguay y las importaciones desde Paraguay est\u00e1n relativamente equilibradas en la balanza comercial y rondan los 20 millones con un enorme potencial de crecimiento, con una clara tendencia al alza. Algunas empresas suizas como KMU han descubierto en Paraguay una puerta de entrada a Am\u00e9rica del Sur, en particular, a los mercados del Mercosur, donde est\u00e1n planeado centros de distribuci\u00f3n o incluso instalaciones de producci\u00f3n.<\/p>\t\t\t\t\t\t\t\t<\/div>\n\t\t\t\t<\/div>\n\t\t\t\t\t<\/div>\n\t\t<\/div>\n\t\t\t\t\t<\/div>\n\t\t<\/section>\n\t\t\t\t\t<\/div>\n\t\t<\/div>\n\t\t\t\t\t<\/div>\n\t\t<\/section>\n\t\t\t\t<section class=\"elementor-section elementor-top-section elementor-element elementor-element-30555c5d elementor-section-boxed elementor-section-height-default elementor-section-height-default\" data-id=\"30555c5d\" data-element_type=\"section\" data-e-type=\"section\" data-settings=\"{&quot;background_background&quot;:&quot;classic&quot;}\">\n\t\t\t\t\t\t<div class=\"elementor-container elementor-column-gap-default\">\n\t\t\t\t\t<div class=\"elementor-column elementor-col-50 elementor-top-column elementor-element elementor-element-30e0148f\" data-id=\"30e0148f\" data-element_type=\"column\" data-e-type=\"column\">\n\t\t\t<div class=\"elementor-widget-wrap elementor-element-populated\">\n\t\t\t\t\t\t<div class=\"elementor-element elementor-element-140697cc elementor-widget elementor-widget-heading\" data-id=\"140697cc\" data-element_type=\"widget\" data-e-type=\"widget\" data-widget_type=\"heading.default\">\n\t\t\t\t<div class=\"elementor-widget-container\">\n\t\t\t\t\t<p class=\"elementor-heading-title elementor-size-default\">Horarios<\/p>\t\t\t\t<\/div>\n\t\t\t\t<\/div>\n\t\t\t\t<div class=\"elementor-element elementor-element-5626ae0d elementor-widget elementor-widget-text-editor\" data-id=\"5626ae0d\" data-element_type=\"widget\" data-e-type=\"widget\" data-widget_type=\"text-editor.default\">\n\t\t\t\t<div class=\"elementor-widget-container\">\n\t\t\t\t\t\t\t\t\t<p>Lunes a Viernes<br \/>09:00 &#8211; 16:00<\/p>\t\t\t\t\t\t\t\t<\/div>\n\t\t\t\t<\/div>\n\t\t\t\t\t<\/div>\n\t\t<\/div>\n\t\t\t\t<div class=\"elementor-column elementor-col-50 elementor-top-column elementor-element elementor-element-77449a56\" data-id=\"77449a56\" data-element_type=\"column\" data-e-type=\"column\">\n\t\t\t<div class=\"elementor-widget-wrap elementor-element-populated\">\n\t\t\t\t\t\t<div class=\"elementor-element elementor-element-d99a000 elementor-widget elementor-widget-heading\" data-id=\"d99a000\" data-element_type=\"widget\" data-e-type=\"widget\" data-widget_type=\"heading.default\">\n\t\t\t\t<div class=\"elementor-widget-container\">\n\t\t\t\t\t<p class=\"elementor-heading-title elementor-size-default\">Direcci\u00f3n<\/p>\t\t\t\t<\/div>\n\t\t\t\t<\/div>\n\t\t\t\t<div class=\"elementor-element elementor-element-673a308e elementor-widget elementor-widget-text-editor\" data-id=\"673a308e\" data-element_type=\"widget\" data-e-type=\"widget\" data-widget_type=\"text-editor.default\">\n\t\t\t\t<div class=\"elementor-widget-container\">\n\t\t\t\t\t\t\t\t\t<p>Salinenstrasse 25<br \/>4133 Pratteln<\/p>\t\t\t\t\t\t\t\t<\/div>\n\t\t\t\t<\/div>\n\t\t\t\t<div class=\"elementor-element elementor-element-2a4d81c7 elementor-align-center elementor-mobile-align-center elementor-icon-list--layout-traditional elementor-list-item-link-full_width elementor-widget elementor-widget-icon-list\" data-id=\"2a4d81c7\" data-element_type=\"widget\" data-e-type=\"widget\" data-widget_type=\"icon-list.default\">\n\t\t\t\t<div class=\"elementor-widget-container\">\n\t\t\t\t\t\t\t<ul class=\"elementor-icon-list-items\">\n\t\t\t\t\t\t\t<li class=\"elementor-icon-list-item\">\n\t\t\t\t\t\t\t\t\t\t\t<a href=\"tel:+41613825533\">\n\n\t\t\t\t\t\t\t\t\t\t\t\t<span class=\"elementor-icon-list-icon\">\n\t\t\t\t\t\t\t\t\t\t\t\t\t\t\t\t<i class=\"fa fa-phone\" aria-hidden=\"true\"><\/i>\n\t\t\t\t\t\t\t\t\t\t\t\t\t<\/span>\n\t\t\t\t\t\t\t\t\t\t<span class=\"elementor-icon-list-text\">+41 61 382 55 33<\/span>\n\t\t\t\t\t\t\t\t\t\t\t<\/a>\n\t\t\t\t\t\t\t\t\t<\/li>\n\t\t\t\t\t\t<\/ul>\n\t\t\t\t\t\t<\/div>\n\t\t\t\t<\/div>\n\t\t\t\t<div class=\"elementor-element elementor-element-7f4106db elementor-align-center elementor-mobile-align-center elementor-icon-list--layout-traditional elementor-list-item-link-full_width elementor-widget elementor-widget-icon-list\" data-id=\"7f4106db\" data-element_type=\"widget\" data-e-type=\"widget\" data-widget_type=\"icon-list.default\">\n\t\t\t\t<div class=\"elementor-widget-container\">\n\t\t\t\t\t\t\t<ul class=\"elementor-icon-list-items\">\n\t\t\t\t\t\t\t<li class=\"elementor-icon-list-item\">\n\t\t\t\t\t\t\t\t\t\t\t<a href=\"mailto:info@consulado-paraguay.ch\">\n\n\t\t\t\t\t\t\t\t\t\t\t\t<span class=\"elementor-icon-list-icon\">\n\t\t\t\t\t\t\t\t\t\t\t\t\t\t\t\t<i class=\"fa fa-envelope-o\" aria-hidden=\"true\"><\/i>\n\t\t\t\t\t\t\t\t\t\t\t\t\t<\/span>\n\t\t\t\t\t\t\t\t\t\t<span class=\"elementor-icon-list-text\">info@consulado-paraguay.ch<\/span>\n\t\t\t\t\t\t\t\t\t\t\t<\/a>\n\t\t\t\t\t\t\t\t\t<\/li>\n\t\t\t\t\t\t<\/ul>\n\t\t\t\t\t\t<\/div>\n\t\t\t\t<\/div>\n\t\t\t\t\t<\/div>\n\t\t<\/div>\n\t\t\t\t\t<\/div>\n\t\t<\/section>\n\t\t\t\t<\/div>\n\t\t","protected":false},"excerpt":{"rendered":"<p>Consulado Honorario de la Rep\u00fablica del Paraguay en Suiza Suiza Suiza es un pa\u00eds situado en el centro del continente europeo. Su bienestar se basa baseado en un sistema pol\u00edtico extraordinamente estable y \u00fanico, una industria de alta tecnolog\u00eda y un moderno sector de servicios. La poblaci\u00f3n suiza no siempre vivi\u00f3 en bienestar y seguridad. [&hellip;]<\/p>\n","protected":false},"author":1,"featured_media":0,"parent":0,"menu_order":0,"comment_status":"closed","ping_status":"closed","template":"","meta":{"site-sidebar-layout":"no-sidebar","site-content-layout":"page-builder","ast-site-content-layout":"default","site-content-style":"default","site-sidebar-style":"default","ast-global-header-display":"","ast-banner-title-visibility":"","ast-main-header-display":"","ast-hfb-above-header-display":"","ast-hfb-below-header-display":"","ast-hfb-mobile-header-display":"","site-post-title":"disabled","ast-breadcrumbs-content":"","ast-featured-img":"disabled","footer-sml-layout":"","ast-disable-related-posts":"","theme-transparent-header-meta":"default","adv-header-id-meta":"","stick-header-meta":"","header-above-stick-meta":"","header-main-stick-meta":"","header-below-stick-meta":"","astra-migrate-meta-layouts":"set","ast-page-background-enabled":"default","ast-page-background-meta":{"desktop":{"background-color":"","background-image":"","background-repeat":"repeat","background-position":"center center","background-size":"auto","background-attachment":"scroll","background-type":"","background-media":"","overlay-type":"","overlay-color":"","overlay-opacity":"","overlay-gradient":""},"tablet":{"background-color":"","background-image":"","background-repeat":"repeat","background-position":"center center","background-size":"auto","background-attachment":"scroll","background-type":"","background-media":"","overlay-type":"","overlay-color":"","overlay-opacity":"","overlay-gradient":""},"mobile":{"background-color":"","background-image":"","background-repeat":"repeat","background-position":"center center","background-size":"auto","background-attachment":"scroll","background-type":"","background-media":"","overlay-type":"","overlay-color":"","overlay-opacity":"","overlay-gradient":""}},"ast-content-background-meta":{"desktop":{"background-color":"var(--ast-global-color-5)","background-image":"","background-repeat":"repeat","background-position":"center center","background-size":"auto","background-attachment":"scroll","background-type":"","background-media":"","overlay-type":"","overlay-color":"","overlay-opacity":"","overlay-gradient":""},"tablet":{"background-color":"var(--ast-global-color-5)","background-image":"","background-repeat":"repeat","background-position":"center center","background-size":"auto","background-attachment":"scroll","background-type":"","background-media":"","overlay-type":"","overlay-color":"","overlay-opacity":"","overlay-gradient":""},"mobile":{"background-color":"var(--ast-global-color-5)","background-image":"","background-repeat":"repeat","background-position":"center center","background-size":"auto","background-attachment":"scroll","background-type":"","background-media":"","overlay-type":"","overlay-color":"","overlay-opacity":"","overlay-gradient":""}},"footnotes":""},"class_list":["post-530","page","type-page","status-publish","hentry"],"yoast_head":"<!-- This site is optimized with the Yoast SEO plugin v27.5 - https:\/\/yoast.com\/product\/yoast-seo-wordpress\/ -->\n<title>Suiza - Consulado honorario del Paraguay en Suiza<\/title>\n<meta name=\"robots\" content=\"index, follow, max-snippet:-1, max-image-preview:large, max-video-preview:-1\" \/>\n<link rel=\"canonical\" href=\"https:\/\/consulado-paraguay.ch\/es\/suiza\/\" \/>\n<meta property=\"og:locale\" content=\"es_ES\" \/>\n<meta property=\"og:type\" content=\"article\" \/>\n<meta property=\"og:title\" content=\"Suiza - Consulado honorario del Paraguay en Suiza\" \/>\n<meta property=\"og:description\" content=\"Consulado Honorario de la Rep\u00fablica del Paraguay en Suiza Suiza Suiza es un pa\u00eds situado en el centro del continente europeo. Su bienestar se basa baseado en un sistema pol\u00edtico extraordinamente estable y \u00fanico, una industria de alta tecnolog\u00eda y un moderno sector de servicios. La poblaci\u00f3n suiza no siempre vivi\u00f3 en bienestar y seguridad. [&hellip;]\" \/>\n<meta property=\"og:url\" content=\"https:\/\/consulado-paraguay.ch\/es\/suiza\/\" \/>\n<meta property=\"og:site_name\" content=\"Consulado honorario del Paraguay en Suiza\" \/>\n<meta property=\"article:modified_time\" content=\"2025-11-13T13:03:58+00:00\" \/>\n<meta property=\"og:image\" content=\"https:\/\/consulado-paraguay.ch\/wp-content\/uploads\/2019\/04\/eduard-schaerer-0.jpg\" \/>\n\t<meta property=\"og:image:width\" content=\"236\" \/>\n\t<meta property=\"og:image:height\" content=\"236\" \/>\n\t<meta property=\"og:image:type\" content=\"image\/jpeg\" \/>\n<meta name=\"twitter:card\" content=\"summary_large_image\" \/>\n<meta name=\"twitter:label1\" content=\"Tiempo de lectura\" \/>\n\t<meta name=\"twitter:data1\" content=\"4 minutos\" \/>\n<script type=\"application\/ld+json\" class=\"yoast-schema-graph\">{\"@context\":\"https:\\\/\\\/schema.org\",\"@graph\":[{\"@type\":\"WebPage\",\"@id\":\"https:\\\/\\\/consulado-paraguay.ch\\\/es\\\/suiza\\\/\",\"url\":\"https:\\\/\\\/consulado-paraguay.ch\\\/es\\\/suiza\\\/\",\"name\":\"Suiza - Consulado honorario del Paraguay en Suiza\",\"isPartOf\":{\"@id\":\"https:\\\/\\\/consulado-paraguay.ch\\\/#website\"},\"primaryImageOfPage\":{\"@id\":\"https:\\\/\\\/consulado-paraguay.ch\\\/es\\\/suiza\\\/#primaryimage\"},\"image\":{\"@id\":\"https:\\\/\\\/consulado-paraguay.ch\\\/es\\\/suiza\\\/#primaryimage\"},\"thumbnailUrl\":\"https:\\\/\\\/consulado-paraguay.ch\\\/wp-content\\\/uploads\\\/2019\\\/04\\\/eduard-schaerer-0.jpg\",\"datePublished\":\"2019-04-16T23:29:47+00:00\",\"dateModified\":\"2025-11-13T13:03:58+00:00\",\"breadcrumb\":{\"@id\":\"https:\\\/\\\/consulado-paraguay.ch\\\/es\\\/suiza\\\/#breadcrumb\"},\"inLanguage\":\"es\",\"potentialAction\":[{\"@type\":\"ReadAction\",\"target\":[\"https:\\\/\\\/consulado-paraguay.ch\\\/es\\\/suiza\\\/\"]}]},{\"@type\":\"ImageObject\",\"inLanguage\":\"es\",\"@id\":\"https:\\\/\\\/consulado-paraguay.ch\\\/es\\\/suiza\\\/#primaryimage\",\"url\":\"https:\\\/\\\/consulado-paraguay.ch\\\/wp-content\\\/uploads\\\/2019\\\/04\\\/eduard-schaerer-0.jpg\",\"contentUrl\":\"https:\\\/\\\/consulado-paraguay.ch\\\/wp-content\\\/uploads\\\/2019\\\/04\\\/eduard-schaerer-0.jpg\"},{\"@type\":\"BreadcrumbList\",\"@id\":\"https:\\\/\\\/consulado-paraguay.ch\\\/es\\\/suiza\\\/#breadcrumb\",\"itemListElement\":[{\"@type\":\"ListItem\",\"position\":1,\"name\":\"Startseite\",\"item\":\"https:\\\/\\\/consulado-paraguay.ch\\\/es\\\/\"},{\"@type\":\"ListItem\",\"position\":2,\"name\":\"Suiza\"}]},{\"@type\":\"WebSite\",\"@id\":\"https:\\\/\\\/consulado-paraguay.ch\\\/#website\",\"url\":\"https:\\\/\\\/consulado-paraguay.ch\\\/\",\"name\":\"Consulado honorario del Paraguay en Suiza\",\"description\":\"Bienvenido a la p\u00e1gina oficial del consulado honorario de la Rep\u00fablica del Paraguay en Suiza.\",\"publisher\":{\"@id\":\"https:\\\/\\\/consulado-paraguay.ch\\\/#organization\"},\"potentialAction\":[{\"@type\":\"SearchAction\",\"target\":{\"@type\":\"EntryPoint\",\"urlTemplate\":\"https:\\\/\\\/consulado-paraguay.ch\\\/?s={search_term_string}\"},\"query-input\":{\"@type\":\"PropertyValueSpecification\",\"valueRequired\":true,\"valueName\":\"search_term_string\"}}],\"inLanguage\":\"es\"},{\"@type\":\"Organization\",\"@id\":\"https:\\\/\\\/consulado-paraguay.ch\\\/#organization\",\"name\":\"Consulado honorario del Paraguay en Suiza\",\"url\":\"https:\\\/\\\/consulado-paraguay.ch\\\/\",\"logo\":{\"@type\":\"ImageObject\",\"inLanguage\":\"es\",\"@id\":\"https:\\\/\\\/consulado-paraguay.ch\\\/#\\\/schema\\\/logo\\\/image\\\/\",\"url\":\"https:\\\/\\\/consulado-paraguay.ch\\\/wp-content\\\/uploads\\\/2019\\\/04\\\/cropped-Consulado-Honorario-de-la-Repu\u0301blica-del-Paraguay-en-Suiza-Logo.gif\",\"contentUrl\":\"https:\\\/\\\/consulado-paraguay.ch\\\/wp-content\\\/uploads\\\/2019\\\/04\\\/cropped-Consulado-Honorario-de-la-Repu\u0301blica-del-Paraguay-en-Suiza-Logo.gif\",\"width\":400,\"height\":98,\"caption\":\"Consulado honorario del Paraguay en Suiza\"},\"image\":{\"@id\":\"https:\\\/\\\/consulado-paraguay.ch\\\/#\\\/schema\\\/logo\\\/image\\\/\"}}]}<\/script>\n<!-- \/ Yoast SEO plugin. -->","yoast_head_json":{"title":"Suiza - Consulado honorario del Paraguay en Suiza","robots":{"index":"index","follow":"follow","max-snippet":"max-snippet:-1","max-image-preview":"max-image-preview:large","max-video-preview":"max-video-preview:-1"},"canonical":"https:\/\/consulado-paraguay.ch\/es\/suiza\/","og_locale":"es_ES","og_type":"article","og_title":"Suiza - Consulado honorario del Paraguay en Suiza","og_description":"Consulado Honorario de la Rep\u00fablica del Paraguay en Suiza Suiza Suiza es un pa\u00eds situado en el centro del continente europeo. Su bienestar se basa baseado en un sistema pol\u00edtico extraordinamente estable y \u00fanico, una industria de alta tecnolog\u00eda y un moderno sector de servicios. La poblaci\u00f3n suiza no siempre vivi\u00f3 en bienestar y seguridad. [&hellip;]","og_url":"https:\/\/consulado-paraguay.ch\/es\/suiza\/","og_site_name":"Consulado honorario del Paraguay en Suiza","article_modified_time":"2025-11-13T13:03:58+00:00","og_image":[{"width":236,"height":236,"url":"https:\/\/consulado-paraguay.ch\/wp-content\/uploads\/2019\/04\/eduard-schaerer-0.jpg","type":"image\/jpeg"}],"twitter_card":"summary_large_image","twitter_misc":{"Tiempo de lectura":"4 minutos"},"schema":{"@context":"https:\/\/schema.org","@graph":[{"@type":"WebPage","@id":"https:\/\/consulado-paraguay.ch\/es\/suiza\/","url":"https:\/\/consulado-paraguay.ch\/es\/suiza\/","name":"Suiza - Consulado honorario del Paraguay en Suiza","isPartOf":{"@id":"https:\/\/consulado-paraguay.ch\/#website"},"primaryImageOfPage":{"@id":"https:\/\/consulado-paraguay.ch\/es\/suiza\/#primaryimage"},"image":{"@id":"https:\/\/consulado-paraguay.ch\/es\/suiza\/#primaryimage"},"thumbnailUrl":"https:\/\/consulado-paraguay.ch\/wp-content\/uploads\/2019\/04\/eduard-schaerer-0.jpg","datePublished":"2019-04-16T23:29:47+00:00","dateModified":"2025-11-13T13:03:58+00:00","breadcrumb":{"@id":"https:\/\/consulado-paraguay.ch\/es\/suiza\/#breadcrumb"},"inLanguage":"es","potentialAction":[{"@type":"ReadAction","target":["https:\/\/consulado-paraguay.ch\/es\/suiza\/"]}]},{"@type":"ImageObject","inLanguage":"es","@id":"https:\/\/consulado-paraguay.ch\/es\/suiza\/#primaryimage","url":"https:\/\/consulado-paraguay.ch\/wp-content\/uploads\/2019\/04\/eduard-schaerer-0.jpg","contentUrl":"https:\/\/consulado-paraguay.ch\/wp-content\/uploads\/2019\/04\/eduard-schaerer-0.jpg"},{"@type":"BreadcrumbList","@id":"https:\/\/consulado-paraguay.ch\/es\/suiza\/#breadcrumb","itemListElement":[{"@type":"ListItem","position":1,"name":"Startseite","item":"https:\/\/consulado-paraguay.ch\/es\/"},{"@type":"ListItem","position":2,"name":"Suiza"}]},{"@type":"WebSite","@id":"https:\/\/consulado-paraguay.ch\/#website","url":"https:\/\/consulado-paraguay.ch\/","name":"Consulado honorario del Paraguay en Suiza","description":"Bienvenido a la p\u00e1gina oficial del consulado honorario de la Rep\u00fablica del Paraguay en Suiza.","publisher":{"@id":"https:\/\/consulado-paraguay.ch\/#organization"},"potentialAction":[{"@type":"SearchAction","target":{"@type":"EntryPoint","urlTemplate":"https:\/\/consulado-paraguay.ch\/?s={search_term_string}"},"query-input":{"@type":"PropertyValueSpecification","valueRequired":true,"valueName":"search_term_string"}}],"inLanguage":"es"},{"@type":"Organization","@id":"https:\/\/consulado-paraguay.ch\/#organization","name":"Consulado honorario del Paraguay en Suiza","url":"https:\/\/consulado-paraguay.ch\/","logo":{"@type":"ImageObject","inLanguage":"es","@id":"https:\/\/consulado-paraguay.ch\/#\/schema\/logo\/image\/","url":"https:\/\/consulado-paraguay.ch\/wp-content\/uploads\/2019\/04\/cropped-Consulado-Honorario-de-la-Repu\u0301blica-del-Paraguay-en-Suiza-Logo.gif","contentUrl":"https:\/\/consulado-paraguay.ch\/wp-content\/uploads\/2019\/04\/cropped-Consulado-Honorario-de-la-Repu\u0301blica-del-Paraguay-en-Suiza-Logo.gif","width":400,"height":98,"caption":"Consulado honorario del Paraguay en Suiza"},"image":{"@id":"https:\/\/consulado-paraguay.ch\/#\/schema\/logo\/image\/"}}]}},"_links":{"self":[{"href":"https:\/\/consulado-paraguay.ch\/es\/wp-json\/wp\/v2\/pages\/530","targetHints":{"allow":["GET"]}}],"collection":[{"href":"https:\/\/consulado-paraguay.ch\/es\/wp-json\/wp\/v2\/pages"}],"about":[{"href":"https:\/\/consulado-paraguay.ch\/es\/wp-json\/wp\/v2\/types\/page"}],"author":[{"embeddable":true,"href":"https:\/\/consulado-paraguay.ch\/es\/wp-json\/wp\/v2\/users\/1"}],"replies":[{"embeddable":true,"href":"https:\/\/consulado-paraguay.ch\/es\/wp-json\/wp\/v2\/comments?post=530"}],"version-history":[{"count":5,"href":"https:\/\/consulado-paraguay.ch\/es\/wp-json\/wp\/v2\/pages\/530\/revisions"}],"predecessor-version":[{"id":862,"href":"https:\/\/consulado-paraguay.ch\/es\/wp-json\/wp\/v2\/pages\/530\/revisions\/862"}],"wp:attachment":[{"href":"https:\/\/consulado-paraguay.ch\/es\/wp-json\/wp\/v2\/media?parent=530"}],"curies":[{"name":"wp","href":"https:\/\/api.w.org\/{rel}","templated":true}]}}